{"id":10,"date":"2017-02-09T00:17:18","date_gmt":"2017-02-08T23:17:18","guid":{"rendered":"http:\/\/www.avdavigevano.com\/TEST\/?page_id=10"},"modified":"2026-03-13T15:37:48","modified_gmt":"2026-03-13T14:37:48","slug":"blog","status":"publish","type":"page","link":"https:\/\/www.avdavigevano.com\/?page_id=10","title":{"rendered":"Blog, di tutto un p\u00f2"},"content":{"rendered":"<p><strong>13 marzo 2026 <\/strong>Dopo l\u2019ultimo articolo pubblicato in questa pagina, le attivit\u00e0 dell\u2019Associazione Vigevanese Divulgazione Astronomica sono proseguite con diversi appuntamenti dedicati alla divulgazione e alla scoperta del cielo.\u00a0Il <strong data-start=\"354\" data-end=\"389\">2026 \u00e8 per noi un anno speciale<\/strong>, perch\u00e9 ricorrono i <strong data-start=\"410\" data-end=\"459\">trent\u2019anni dalla fondazione dell\u2019associazione<\/strong>, nata a Vigevano con l\u2019obiettivo di avvicinare il pubblico all\u2019astronomia attraverso incontri, osservazioni e momenti di condivisione sotto le stelle.\u00a0Il nuovo anno si \u00e8 aperto con la conferenza \u201c<a href=\"https:\/\/www.avdavigevano.com\/?p=2910\">Alla ricerca del Pianeta Nove<\/a>\u201d del 7 gennaio 2026, seguita dall\u2019incontro \u201c<a href=\"https:\/\/www.avdavigevano.com\/?p=2919\">Le Luci del Nord<\/a>\u201d del 4 febbraio, dedicato alle aurore boreali. Il ciclo di conferenze \u00e8 poi proseguito il 4 marzo con una serata dedicata agli oggetti del <a href=\"https:\/\/www.avdavigevano.com\/?p=2935\">Catalogo di Messier<\/a>, tra nebulose, ammassi stellari e galassie osservabili anche con strumenti amatoriali. Tutte queste conferenze sono state registrate e le puoi trovare nella pagina dell&#8217;articolo oppure sul nostro canale <a href=\"https:\/\/www.youtube.com\/AVDAVigevano\" target=\"_blank\" rel=\"noopener\">YouTube<\/a>. Le attivit\u00e0 proseguono anche sul territorio: tra gli appuntamenti pi\u00f9 recenti la serata \u201c<a href=\"https:\/\/www.avdavigevano.com\/?p=2960\">Piccoli Astronauti<\/a>\u201d, prevista venerd\u00ec 27 marzo a Vespolate, dedicata a bambini e ragazzi per avvicinarli alla scoperta del cielo. Nei prossimi mesi continueranno conferenze, osservazioni pubbliche e iniziative divulgative, con alcuni eventi speciali pensati proprio per celebrare i trent\u2019anni di attivit\u00e0 dell\u2019associazione. <strong>Cieli sereni!<\/strong><\/p>\n<p><strong>18 dicembre 2025 <\/strong>Con la conferenza di ieri sera dedicata alla \u201c<a href=\"https:\/\/www.avdavigevano.com\/?p=2897\">Stella dei Magi<\/a>\u201d e il successivo momento conviviale con lo scambio degli auguri natalizi, si sono ufficialmente conclusi gli incontri per l\u2019anno 2025.<br \/>\nOra ci concediamo qualche giorno di meritato relax e riposo, prima di entrare con entusiasmo nel 2026: un anno che ci vedr\u00e0 particolarmente impegnati e ricco di iniziative, perch\u00e9 segner\u00e0 un traguardo davvero speciale\u2026 i trent\u2019anni di attivit\u00e0 della nostra associazione!<br \/>\nGrazie di cuore a tutti i soci, relatori e amici che hanno partecipato, collaborato e contribuito a rendere questo anno cos\u00ec intenso e ricco di momenti condivisi.<br \/>\nCi rivediamo presto, con nuovi progetti, nuove serate e, come sempre\u2026 con lo sguardo rivolto al cielo.<br \/>\n<strong>Buone feste a tutti!<\/strong><\/p>\n<p><strong>5 maggio 2025 <\/strong>Inserita la nuova pagina per la <a href=\"https:\/\/www.avdavigevano.com\/?page_id=2131\">Galleria Fotografica<\/a> sul nostro sito!<\/p>\n<p><strong>27 gennaio 2025<\/strong> Con qualche settimana di ritardo Buon Anno! Le attivit\u00e0, come da programma che abbiamo <a href=\"https:\/\/www.avdavigevano.com\/?p=1955\" target=\"_blank\" rel=\"noopener\">pubblicato<\/a>, vanno molto bene e con circa 15\/20 giorni dalla conferenza riusciamo anche a pubblicare i video sul nostro <a href=\"https:\/\/www.youtube.com\/user\/AVDAVigevano\" target=\"_blank\" rel=\"noopener\">canale YouTube<\/a>. Seguici anche sul nostro <a href=\"https:\/\/www.youtube.com\/user\/AVDAVigevano\" target=\"_blank\" rel=\"noopener\">canale YouTube<\/a>, per noi \u00e8 importante! Clicca su Segui o metti mi piace sui nostri video!<\/p>\n<p><strong>5 dicembre 2024<\/strong> Le attivit\u00e0, come da programma che abbiamo <a href=\"https:\/\/www.avdavigevano.com\/?p=1955\" target=\"_blank\" rel=\"noopener\">pubblicato<\/a>, vanno alla grande! Abbiamo qualche nuovo appassionato\/a che ci segue anche nelle fredde serate osservative. Siamo contenti! Ieri sera, 4 dicembre, approfittando della bella serata &#8220;serena&#8221; siamo andati da Renzo a fare osservaizone. Grazie mille per averci, come sempre, ospitato ed averci permesso di osservare la Nebulosa del Granchio M1, nella costellazione del Toro, La Grande Nebulosa di Orione, M42 e la Nebulosa Testa di Cavallo!<\/p>\n<p><strong>8 settembre 2024 <\/strong>Ma veramente sono passati cos\u00ec tanti anni dall&#8217;ultimo aggiornamento di questo &#8220;blog&#8221;? Perdono!<br \/>\nAggiorniamo questa pagina per avvisarvi che il 9 settembre alle 10&#8230; anche se qualche spoiler sul sito della Biblioteca dei Ragazzi \u00e8 apparto, verr\u00f2 pubblicato il <a href=\"https:\/\/www.avdavigevano.com\/?p=1955\">programma delle conferenze per la stagione ottobre &#8217;24 luglio &#8217;25<\/a>. Le osservazioni astronomiche verranno programmate di volta in volta con appositi post.<br \/>\nPS: tenetevi liberi per sabato sera 12 ottobre&#8230;<br \/>\nAuguriamo a tutti voi&#8230; Cieli sereni!<\/p>\n<p><strong>26 agosto 2021<\/strong> Eccoci di ritorno dalla vacanze estive, speriamo vivamente sia andato tutto bene e che vi siate riposati. E&#8217; stato un altro inizio anno particolare, ancora con limitazioni e chiusure.<br \/>\nQuesto settembre per\u00f2, sfuttando il maggior numero di persone che ha completato il ciclo vaccinale, potremo riprendere le attivit\u00e0 in presenza presso la Biblioteca dei Ragazzi.<br \/>\nPer questo la UAI, in una sua <a href=\"https:\/\/www.uai.it\/sito\/news\/bacheca-sociale\/online-le-linee-guida-aggiornate-per-svolgere-attivita-di-divulgazione-astronomica\/\" target=\"_blank\" rel=\"noopener\">nota<\/a>, definisce quali sono le linee guida da seguire per gli eventi culturali.<br \/>\nUAI (Unione Astrofili Italiani) e PLANIt (Associazione Planetari Italiani) rendono disponibili le versioni aggiornate sia delle \u201cLinee guida suggerite per la ripresa delle attivit\u00e0 in sedi sociali, Osservatori e Planetari\u201d (<a href=\"https:\/\/www.uai.it\/sito\/wp-content\/uploads\/2021\/08\/UAI-PlanIt-LineeGuidaSicurezzaOsservatori-Planetari-v1.5-Final.pdf\" target=\"_blank\" rel=\"noopener\">link<\/a>) che delle \u201cBuone pratiche operative per la gestione in sicurezza di attivit\u00e0 di divulgazione astronomica\u201d (<a href=\"https:\/\/www.uai.it\/sito\/wp-content\/uploads\/2021\/08\/UAI-PlanIt-COVIDBuonePratiche-1.4-Final.pdf\" target=\"_blank\" rel=\"noopener\">link<\/a>). Questi aggiornamenti riflettono le novit\u00e0 introdotte dal Decreto legge n. 105 del 23 luglio 2021 recante misure urgenti per fronteggiare l\u2019emergenza epidemiologica da COVID-19 e per l\u2019esercizio in sicurezza di attivit\u00e0 sociali ed economiche pubblicato in Gazzetta Ufficiale n. 175 del 23 luglio 2021, con particolare riferimento all\u2019utilizzo dei \u201cCertificati verdi COVID\u201d (\u201cgreen pass\u201c).<br \/>\n<strong>Si fa notare che, alla luce di quanto disposto dal citato D.L., le linee guida suggerite non riguardano esclusivamente le attivit\u00e0 svolte presso le proprie strutture, ma pi\u00f9 in generale quelle di cui si ha responsabilit\u00e0 della organizzazione in un luogo definito, sia all\u2019aperto che al chiuso.<\/strong><\/p>\n<p><strong>2 febbraio 2021<\/strong> E&#8217; passato qualche mese, un bel p\u00f2 di tempo ed \u00e8 anche cambitato l&#8217;anno, ma purtroppo \u00e8 cambiato ben poco. Le attivit\u00e0 presso la Biblioteca dei Ragazzi sono ancora sospese. Con il passaggio in questi giorni in zona gialla dobbiamo verificare come ci si comporter\u00e0 con gli incontri in presenza presso la Biblioteca. Ovviamente sentendo prima anche tutti i soci AVDA.<br \/>\nTi terremo aggiornato&#8230; comunque le nostra attivit\u00e0, o per lo meno gli incontri del marted\u00ec sera, li svolgiamo regolarmente sulla piattaforma di Google Meet!<\/p>\n<p><strong>2 settembre 2020<\/strong> Riprendiamo le attivit\u00e0! dopo questo periodo di giusta sospensione, finalmente riprendono gli incontri presso la Biblioteca dei Ragazzi. Ci sar\u00e0 per\u00f2 una novit\u00e0, gli incontri NON si svolgeranno pi\u00f9 il mercoled\u00ec sera, ma SI svolgeranno il MARTEDI&#8217; sera, sempre dalle 21:10 sempre presso la Biblioteca dei Ragazzi di via Boldrini 1 a Vigevano.<br \/>\nQuesto cambiamento si \u00e8 reso necessario per non far coincidere gli incontri della nostra associazione con quelli della Societ\u00e0 Fotografica Vigevanese, visto che da questa nuova stagione avremo solo la sala posta al piano inferiore della Biblioteca. Dai vienici a trovare&#8230; indossando per\u00f2 la mascherina! A presto, ti aspettiamo!<\/p>\n<p style=\"text-align: justify;\"><strong>18 dicembre 2019<\/strong>\u00a0Ciao a tutti, questa sera ultimo appuntamento dell&#8217;anno 2019. Per chiudere in bellezza per\u00f2 l&#8217;anno, prima di un momento di convivialit\u00e0 ed il reciproco scambio di auguri natalizi, ci sar\u00e0 una breve conferenza, tenuta da Davide, che ci parler\u00e0 di Mercurio e Venere, i primi due Pianeti del Sistema Solare, delle loro caratteristiche fisiche e delle missioni spaziali che nel corso degli anni sono e stanno andando a visitare questi Pianeti! Ti aspettiamo!<\/p>\n<p style=\"text-align: justify;\"><strong>22 luglio 2019<\/strong>\u00a0In pochi giorni ne sono successi di avvenimenti&#8230; e tutti importanti!<br \/>\nIn ordine cronologico:<br \/>\n&#8211; Il 16 luglio, nel 1969, partiva il Saturno V che ha portato in orbita lunare l&#8217;Apollo 11, con a bordo Neil Armstrong, Buzz Aldrin e Michael Collins.<br \/>\n&#8211; Il 20 luglio 2019, alle ore 18:28 italiane \u00e8 partita in perfetto orario la Soyuz MS-13 cha ha portato poi alle 00:50 del 21 luglio, gli astronauti Luca Parmitano, Andrew Morgan ed il cosmonauta Aleksandr Skvorcov sulla Stazione Spaziale Internazionale ISS per iniziare \u00a0la loro Expedition 59\/60.<br \/>\n&#8211; Il 20 luglio 1969 negli Stati Uniti, il 21 luglio alle 2:56 UTC in Italia, Neil Armstrong, poggia per la prima volta il piede sul suolo lunare: &#8220;One Small Step for men, One Giant Leap for Mankind&#8221;.<br \/>\n50 anni di esplorazione spaziale!<br \/>\nPuoi rivivere tutta l&#8217;avventura dell&#8217;Apollo 11 dal lancio all&#8217;ammaraggio, secondo per secondo collegandoti al sito <a href=\"https:\/\/apolloinrealtime.org\/11\/\" target=\"_blank\" rel=\"noopener noreferrer\">apolloinrealtime.org<\/a><\/p>\n<p style=\"text-align: justify;\"><strong>11 luglio 2019<\/strong> Ciao! Con l&#8217;osservazione di ieri sera, mercoled\u00ec 10 luglio, il calendario degli appuntamenti per questa stagione \u00e8 terminato. Ma non temere&#8230; a setembre, dopo un periodo di meritata vacanza, i nostri incontri consueti del mercoled\u00ec riprenderanno regolarmente&#8230; Stiamo gi\u00e0 preparando il calendario Settembre &#8217;19 \/ Luglio &#8217;20!<br \/>\nIeri sera abbiamo avuto la piacevole sorpresa di essere in compagnia di una ventina di persone ed una decina di bambini delle elementari, ai quali abbiamo fatto osservare al telescopio di Roberto, Luna, Giove e Saturno. E&#8217; stato, come sempre, emozionante far osservare questi oggetti al telescopio, come anche passeggiare da una costellazione e l&#8217;altra portandoli alla scoperta del cielo!<br \/>\nI nostri canali social sono sempre aperti&#8230; anche in questo periodo di vacanza&#8230; per qualsiasi curiosit\u00e0 non esitare a scriverci!<\/p>\n<p style=\"text-align: justify;\"><strong>22 marzo 2019<\/strong> Ciao! E&#8217; da qualche mese che non ci sentiamo&#8230; ne sono successe veramente tante di cose. L&#8217;arrivo del 2019 \u00e8 iniziato subito con una bellissima, ma fredda, eclissi totale di Luna, poi il tutto \u00e8 proseguito tranquillamente con i nostri appuntamenti mensili presso la Biblioteca dei Ragazzi.<br \/>\nIn queste settimane abbiamo anche acquistato una nuova camera a colori per le riprese planetarie e lunari, acquistata per la divulgazione durante le serate osservative pubbliche.<br \/>\nOggi per\u00f2 aggiorniamo questa pagina perch\u00e9 questa sera, presso l&#8217;aula consigliare del Comune di Vigevano, il nostro Socio fondatore, l&#8217;Ing. Marco Molina ricever\u00e0 ambito premio per meriti scientifici!<br \/>\n<em>Complimenti Marco! da tutti noi soci AVDA!<\/em><\/p>\n<div id=\"attachment_755\" style=\"width: 341px\" class=\"wp-caption aligncenter\"><img data-recalc-dims=\"1\" loading=\"lazy\" decoding=\"async\" aria-describedby=\"caption-attachment-755\" data-attachment-id=\"755\" data-permalink=\"https:\/\/www.avdavigevano.com\/?attachment_id=755\" data-orig-file=\"https:\/\/i0.wp.com\/www.avdavigevano.com\/TEST\/wp-content\/uploads\/2019\/03\/Schermata-2019-03-21-alle-16.40.36.png?fit=331%2C830&amp;ssl=1\" data-orig-size=\"331,830\" data-comments-opened=\"1\" data-image-meta=\"{&quot;aperture&quot;:&quot;0&quot;,&quot;credit&quot;:&quot;&quot;,&quot;camera&quot;:&quot;&quot;,&quot;caption&quot;:&quot;&quot;,&quot;created_timestamp&quot;:&quot;0&quot;,&quot;copyright&quot;:&quot;&quot;,&quot;focal_length&quot;:&quot;0&quot;,&quot;iso&quot;:&quot;0&quot;,&quot;shutter_speed&quot;:&quot;0&quot;,&quot;title&quot;:&quot;&quot;,&quot;orientation&quot;:&quot;0&quot;}\" data-image-title=\"Schermata 2019-03-21 alle 16.40.36\" data-image-description=\"\" data-image-caption=\"&lt;p&gt;Dall&amp;#8217;Informatore Vigevanese del 21.03.19&lt;\/p&gt;\n\" data-large-file=\"https:\/\/i0.wp.com\/www.avdavigevano.com\/TEST\/wp-content\/uploads\/2019\/03\/Schermata-2019-03-21-alle-16.40.36.png?fit=331%2C830&amp;ssl=1\" class=\"alignnone size-full wp-image-755\" src=\"https:\/\/i0.wp.com\/www.avdavigevano.com\/TEST\/wp-content\/uploads\/2019\/03\/Schermata-2019-03-21-alle-16.40.36.png?resize=331%2C830\" alt=\"Schermata 2019-03-21 alle 16.40.36\" width=\"331\" height=\"830\" srcset=\"https:\/\/i0.wp.com\/www.avdavigevano.com\/TEST\/wp-content\/uploads\/2019\/03\/Schermata-2019-03-21-alle-16.40.36.png?w=331&amp;ssl=1 331w, https:\/\/i0.wp.com\/www.avdavigevano.com\/TEST\/wp-content\/uploads\/2019\/03\/Schermata-2019-03-21-alle-16.40.36.png?resize=120%2C300&amp;ssl=1 120w\" sizes=\"auto, (max-width: 331px) 100vw, 331px\" \/><p id=\"caption-attachment-755\" class=\"wp-caption-text\">Dall&#8217;Informatore Vigevanese del 21.03.19<\/p><\/div>\n<div id=\"attachment_756\" style=\"width: 389px\" class=\"wp-caption aligncenter\"><img data-recalc-dims=\"1\" loading=\"lazy\" decoding=\"async\" aria-describedby=\"caption-attachment-756\" data-attachment-id=\"756\" data-permalink=\"https:\/\/www.avdavigevano.com\/?attachment_id=756\" data-orig-file=\"https:\/\/i0.wp.com\/www.avdavigevano.com\/TEST\/wp-content\/uploads\/2019\/03\/Schermata-2019-03-22-alle-11.55.46.png?fit=379%2C756&amp;ssl=1\" data-orig-size=\"379,756\" data-comments-opened=\"1\" data-image-meta=\"{&quot;aperture&quot;:&quot;0&quot;,&quot;credit&quot;:&quot;&quot;,&quot;camera&quot;:&quot;&quot;,&quot;caption&quot;:&quot;&quot;,&quot;created_timestamp&quot;:&quot;0&quot;,&quot;copyright&quot;:&quot;&quot;,&quot;focal_length&quot;:&quot;0&quot;,&quot;iso&quot;:&quot;0&quot;,&quot;shutter_speed&quot;:&quot;0&quot;,&quot;title&quot;:&quot;&quot;,&quot;orientation&quot;:&quot;0&quot;}\" data-image-title=\"Schermata 2019-03-22 alle 11.55.46\" data-image-description=\"\" data-image-caption=\"&lt;p&gt;Dall&amp;#8217;Araldo del 22.3.19&lt;\/p&gt;\n\" data-large-file=\"https:\/\/i0.wp.com\/www.avdavigevano.com\/TEST\/wp-content\/uploads\/2019\/03\/Schermata-2019-03-22-alle-11.55.46.png?fit=379%2C756&amp;ssl=1\" class=\"alignnone size-full wp-image-756\" src=\"https:\/\/i0.wp.com\/www.avdavigevano.com\/TEST\/wp-content\/uploads\/2019\/03\/Schermata-2019-03-22-alle-11.55.46.png?resize=379%2C756\" alt=\"Schermata 2019-03-22 alle 11.55.46\" width=\"379\" height=\"756\" srcset=\"https:\/\/i0.wp.com\/www.avdavigevano.com\/TEST\/wp-content\/uploads\/2019\/03\/Schermata-2019-03-22-alle-11.55.46.png?w=379&amp;ssl=1 379w, https:\/\/i0.wp.com\/www.avdavigevano.com\/TEST\/wp-content\/uploads\/2019\/03\/Schermata-2019-03-22-alle-11.55.46.png?resize=150%2C300&amp;ssl=1 150w\" sizes=\"auto, (max-width: 379px) 100vw, 379px\" \/><p id=\"caption-attachment-756\" class=\"wp-caption-text\">Dall&#8217;Araldo del 22.3.19<\/p><\/div>\n<p><strong>4 ottobre 2018 <\/strong>Buon pomeriggio! Ieri, all\u2019ultimo minuto, ma se ci segui sulla chat di <em>Whatsapp<\/em> o sulla chat di <em>Telegram<\/em> (<a href=\"https:\/\/t.me\/AVDAVigevano\">https:\/\/t.me\/AVDAVigevano<\/a>) sarai stato sicuramente aggiornato (e se non sei ancora iscritto\u2026 iscriviti!), abbiamo deciso di andare a fare osservazione al \u201cnostro\u201d osservatorio, appena fuori la citt\u00e0 di Vigevano.<br \/>\nVolevamo fare qualche test. Volevamo provare il nuovo spettroscopio che abbiamo acquistato. Ok, non \u00e8 uno strumento professionale, ma l\u2019abbiamo preso per utilizzarlo per scopi divulgativi, specialmente con i bambini durante i nostri consueti incontri con le scuole.<br \/>\nL\u2019abbiamo provato prima passandocelo di mano e provando ad osservare lo spettro di varie luci al neon o Led e poi applicandolo al telescopio LX200 per osservare, o almeno tentare di osservare lo spettro di alcune stelle pi\u00f9 luminose\u2026 Ecco, qui ci siamo accorti che comunque la luce raccolta dal nostro occhio rende poco apprezzabile la risoluzione del piccolo spettroscopio acquistato\u2026 comunque siamo contenti delle prove effettuate (qualche foto la puoi trovare sulla <a href=\"http:\/\/www.facebook.com\/pages\/Vigevano-Italy\/AVDA-Ass-Vigevanese-Divulgazione-Astronomica\/287850871426?ref=nf\">nostra pagina facebook<\/a>)<br \/>\nUna piccola nota a corredo, hanno cambiato l\u2019illuminazione pubblica che porta al nostro osservatorio. Hanno sostituito i vecchi lampioni (che di inquinamento luminoso erano in prima posizione, in pi\u00f9 moderni ed efficaci lampioni a Led! il cielo e l\u2019astronomia tutta ringrazia!<br \/>\nAlleghiamo anche un breve timelapse, sono immagini riprese con una action camera, 20 secondi di esposizione ed un minuto di attesa tra uno scatto e l\u2019altro. Quanto traffico aereo!\u00a0<a href=\"https:\/\/www.youtube.com\/watch?v=WKszBeAW4K0\">https:\/\/www.youtube.com\/watch?v=WKszBeAW4K0<\/a><\/p>\n<p><strong>4 settembre 2018<\/strong> Ciao a tutti, e ben ritrovati! Tutto bene? Avete alzato lo sguardo al cielo durante il mese di agosto?<br \/>\nDomani sera, 5 settembre dalle ore 21:10, presso la nostra sede della Biblioteca dei Ragazzi di via Boldrini 1 a Vigevano, riprendono le attivit\u00e0 del gruppo Astrofili AVDA. Tutti i nostri incontri sono aperti a tutti e tutti gratuiti, domani sera in particolare prepareremo il programma delle conferenze e delle osservazioni per il periodo settembre &#8217;18 \/ luglio \u201919, puoi partecipare anche tu!<\/p>\n<p><strong>6 agosto 2018<\/strong> Ciao a tutti, il mese di agosto \u00e8 arrivato, anche se l&#8217;astronomia e gli eventi astronomici non vanno mai in ferie, noi ci prendiamo qualche settimana di pausa. Saremo comunque impegnati in qualche attivit\u00e0 nei paesi limitrofi a Vigevano, come ad esempio ad Abbiategrasso il giorno 10 agosto per la serata &#8220;Calici di Stelle&#8221; ed a Tromello l&#8217;11 agosto per una serata in compagnia di un ottima grigliata di pesce ai laghetti, invitati dalla Pro Loco di Tromello, per l&#8217;osservazione del cielo al telescopio e delle stelle cadenti, le lacrime di San Lorenzo, ad occhio nudo. <em>Gli appuntamenti in Biblioteca dei Ragazzi a Vigevano riprenderanno con il primo mercoled\u00ec di settembre, il 5, dalle ore 21:10! Ti aspettiamo!<\/em> Cieli sereni e buone vacanze!<\/p>\n<p><strong>31 luglio 2018<\/strong>\u00a0Ciao! Eccoci di nuovo dopo la stupenda serata dell\u2019eclissi di Luna! Sei venuto a trovarci? Oppure hai osservato l\u2019eclissi da casa, dal luogo delle ferie? Stiamo raccogliendo le foto che avete scattato, cos\u00ec da creare un grande album di immagini, sia della serata pubblica che abbiamo organizzato, sia dell\u2019evento eclissi visto dal mare o dalla montagna! Se hai scattato qualche foto, inserisci nome e cognome, data ed ora di scatto e luogo di scatto\u2026 noi creeremo l\u2019album e lo posteremo\u2026 anzi, eccolo qui:\u00a0<a href=\"https:\/\/flic.kr\/s\/aHskFnUjA7\">https:\/\/flic.kr\/s\/aHskFnUjA7<\/a>. Invia il tutto a info@avdavigevano.com. Cieli sereni!<\/p>\n<p><strong style=\"color: #333333;\">26 luglio 2018<\/strong><span style=\"color: #333333;\">\u00a0Manca un giorno all<span style=\"caret-color: #333333;\">\u2019<\/span>eclissi totale di Luna. Tutto \u00e8 pronto\u2026 o quasi. Ieri sera abbiamo fatto un\u00a0<\/span><span style=\"color: #333333;\">sopralluogo nella zona dell\u2019osservazione, tutto \u00e8 a posto. Abbiamo chiesto che ci vengano spenti almeno due\u00a0delle tre grossi torri faro che illuminano il parcheggio, e ci \u00e8 stato confermato che lo faranno\u2026. manca solo di preparare gli strumenti in macchina\u2026 Voi?\u00a0Quanti sarete? \ud83d\ude00 a domani sera! Cieli sereni!<\/span><\/p>\n<p><span style=\"color: #333333;\"><strong>19 luglio 2018 <\/strong>Ieri sera, 18 luglio, avevamo in programma l&#8217;osservazione della Luna al primo quarto. Con un bel gruppetto di famiglie siamo andati nella zona del nuovo palazzetto dello sport di via Cappuccini, cos\u00ec da cogliere non solo la Luna, ma Venere, verso ovest, Giove, alto a sud, Saturno, in avvicinamento al meridiano ed il sorgere del pianeta Marte!<\/span> <span style=\"color: #333333;\"> E&#8217; stata una bellissima sessione di osservazione, disturbata solo da flotte di zanzare che ci hanno disturbato&#8230; E&#8217; stata anche una serata di test per l&#8217;eclissi totale di Luna del 27 luglio.<\/span> <span style=\"color: #333333;\"> Con la piccola GoPro volevamo riprendere in timelapse l&#8217;evoluzione del cielo dal sorgere della Luna in eclisse fino al suo termine.<\/span> <span style=\"color: #333333;\"> <a style=\"color: #333333;\" href=\"https:\/\/www.youtube.com\/watch?v=BXWHZvowSYA\" target=\"_blank\" rel=\"noopener noreferrer\"><span style=\"color: #0000ff;\">Qui un piccolo test di 12 immagini&#8230;<\/span><\/a> Venerd\u00ec sera, durante una osservazione organizzata per un centro estivo, proveremo ad allungare i tempi di ripresa per verificare meglio sia le impostazioni della GoPro, sia il risultato finale con la rotazione del cielo&#8230; per effetto della rotazione terrestre!<\/span><\/p>\n<p><span style=\"color: #333333;\"><strong>13 febbraio 2018 <\/strong>Mercoled\u00ec 14 febbraio, presso la Biblioteca dei Ragazzi di via Boldrini 1 a Vigevano, ASSEMBLEA ANNUALE DEI SOCI. Programma delle attivit\u00e0 straordinarie pubbliche per eventi astronomici ed attivit\u00e0 divulgative.<\/span><\/p>\n<p><span style=\"color: #333333;\"><strong>10 Gennaio 2018 <\/strong>Buon giorno e Buon Anno a tutti!<\/span> <span style=\"color: #333333;\"> Questa sera, mercoled\u00ec 10 gennaio, riprenderanno gli incontri presso la Biblioteca dei Ragazzi di via Boldrini 1 a Vigevano.<\/span> <span style=\"color: #333333;\"> I &#8220;mercoled\u00ec in Biblio&#8221; sono aperti a tutti! Ti aspettiamo!<\/span><\/p>\n<p><span style=\"color: #333333;\"><strong>29 Dicembre 2017 <\/strong>Buona sera a tutti, con l&#8217;arrivo delle festivit\u00e0 natalizie anche la nostra attivit\u00e0 del mercoled\u00ec presso la Biblioteca dei Ragazzi \u00e8 sospesa.<\/span> <span style=\"color: #333333;\"> Gli incontri riprenderanno regolarmente da mercoled\u00ec 10 gennaio 2018.<\/span> <span style=\"color: #333333;\">I Soci AVDA augurano a tutti Voi Buone Feste e Felice Anno nuovo! Cieli sempre sereni!<\/span><\/p>\n<p><span style=\"color: #333333;\"><strong>24 Ottobre 2017 ore 14:52 <\/strong>Ci stavamo dimenticando&#8230; puoi aggiungere al tuo calendario dello smartphone anche il <a style=\"color: #333333;\" href=\"https:\/\/calendar.google.com\/calendar\/ical\/avda.vigevano%40gmail.com\/public\/basic.ics\">Google Calendar ical di A.V.D.A.<\/a>. Troverai gli appuntamenti dell&#8217;associaizone, gli eventi astronomici, gli eventi astronautici, le mostre, i transiti della Stazione Spaziale Internazionale, gli Iridium Flare e tanti altri appuntamenti utili!<\/span><\/p>\n<p><span style=\"color: #333333;\"><strong>24 Ottobre 2017 ore 11:52<\/strong><\/span> <span style=\"color: #333333;\"> Nuovo programma delle attivit\u00e0 e nuovo sito! Ci \u00e8 voluto <img data-recalc-dims=\"1\" loading=\"lazy\" decoding=\"async\" data-attachment-id=\"622\" data-permalink=\"https:\/\/www.avdavigevano.com\/?attachment_id=622\" data-orig-file=\"https:\/\/i0.wp.com\/www.avdavigevano.com\/TEST\/wp-content\/uploads\/2018\/10\/IMG_9243.jpg?fit=1242%2C1242&amp;ssl=1\" data-orig-size=\"1242,1242\" data-comments-opened=\"1\" data-image-meta=\"{&quot;aperture&quot;:&quot;0&quot;,&quot;credit&quot;:&quot;&quot;,&quot;camera&quot;:&quot;&quot;,&quot;caption&quot;:&quot;&quot;,&quot;created_timestamp&quot;:&quot;0&quot;,&quot;copyright&quot;:&quot;&quot;,&quot;focal_length&quot;:&quot;0&quot;,&quot;iso&quot;:&quot;0&quot;,&quot;shutter_speed&quot;:&quot;0&quot;,&quot;title&quot;:&quot;&quot;,&quot;orientation&quot;:&quot;0&quot;}\" data-image-title=\"QRCode Accesso Chat AVDA\" data-image-description=\"\" data-image-caption=\"\" data-large-file=\"https:\/\/i0.wp.com\/www.avdavigevano.com\/TEST\/wp-content\/uploads\/2018\/10\/IMG_9243.jpg?fit=1024%2C1024&amp;ssl=1\" class=\" wp-image-622 alignright\" src=\"https:\/\/i0.wp.com\/www.avdavigevano.com\/TEST\/wp-content\/uploads\/2018\/10\/IMG_9243.jpg?resize=162%2C162\" alt=\"QRCode Accesso Chat AVDA\" width=\"162\" height=\"162\" srcset=\"https:\/\/i0.wp.com\/www.avdavigevano.com\/TEST\/wp-content\/uploads\/2018\/10\/IMG_9243.jpg?w=1242&amp;ssl=1 1242w, https:\/\/i0.wp.com\/www.avdavigevano.com\/TEST\/wp-content\/uploads\/2018\/10\/IMG_9243.jpg?resize=150%2C150&amp;ssl=1 150w, https:\/\/i0.wp.com\/www.avdavigevano.com\/TEST\/wp-content\/uploads\/2018\/10\/IMG_9243.jpg?resize=300%2C300&amp;ssl=1 300w, https:\/\/i0.wp.com\/www.avdavigevano.com\/TEST\/wp-content\/uploads\/2018\/10\/IMG_9243.jpg?resize=768%2C768&amp;ssl=1 768w, https:\/\/i0.wp.com\/www.avdavigevano.com\/TEST\/wp-content\/uploads\/2018\/10\/IMG_9243.jpg?resize=1024%2C1024&amp;ssl=1 1024w, https:\/\/i0.wp.com\/www.avdavigevano.com\/TEST\/wp-content\/uploads\/2018\/10\/IMG_9243.jpg?resize=160%2C160&amp;ssl=1 160w, https:\/\/i0.wp.com\/www.avdavigevano.com\/TEST\/wp-content\/uploads\/2018\/10\/IMG_9243.jpg?resize=320%2C320&amp;ssl=1 320w\" sizes=\"auto, (max-width: 162px) 100vw, 162px\" \/>tanto tempo per realizzarlo, per capire come fare le cose, quale piattaforma usare, come configurarla, ma ci siamo riusciti!<\/span> <span style=\"color: #333333;\"> Abbiamo anche pensato di sfruttare di pi\u00f9 una App che ormai tutti hanno sui propri smartphone, WhatsApp.<\/span> <span style=\"color: #333333;\"> Per rimanere sempre e pi\u00f9 velocemente aggiornato sulle nostre attivit\u00e0, o variazioni di programma dell&#8217;ultimo minuto, <a style=\"color: #333333;\" href=\"https:\/\/chat.whatsapp.com\/8tcMy3gPbJU9JfSV0mxAhG\">clicca qui sul link<\/a> o inquadra il QRCode con la telecamera del tuo telefonino, basta un semplice click e sarai in contatto con noi!<\/span><\/p>\n","protected":false},"excerpt":{"rendered":"<p>13 marzo 2026 Dopo l\u2019ultimo articolo pubblicato in questa pagina, le attivit\u00e0 dell\u2019Associazione Vigevanese Divulgazione Astronomica sono proseguite con diversi appuntamenti dedicati alla divulgazione e alla scoperta del cielo.\u00a0Il 2026 \u00e8 per noi un anno speciale, perch\u00e9 ricorrono i trent\u2019anni dalla fondazione dell\u2019associazione, nata a Vigevano con l\u2019obiettivo di avvicinare&#46;&#46;&#46;<\/p>\n","protected":false},"author":1,"featured_media":0,"parent":0,"menu_order":0,"comment_status":"closed","ping_status":"closed","template":"","meta":{"_monsterinsights_skip_tracking":false,"_monsterinsights_sitenote_active":false,"_monsterinsights_sitenote_note":"","_monsterinsights_sitenote_category":0,"jetpack_post_was_ever_published":false,"footnotes":""},"class_list":["post-10","page","type-page","status-publish","hentry"],"jetpack_sharing_enabled":true,"jetpack_shortlink":"https:\/\/wp.me\/P9jymR-a","jetpack_likes_enabled":true,"_links":{"self":[{"href":"https:\/\/www.avdavigevano.com\/index.php?rest_route=\/wp\/v2\/pages\/10","targetHints":{"allow":["GET"]}}],"collection":[{"href":"https:\/\/www.avdavigevano.com\/index.php?rest_route=\/wp\/v2\/pages"}],"about":[{"href":"https:\/\/www.avdavigevano.com\/index.php?rest_route=\/wp\/v2\/types\/page"}],"author":[{"embeddable":true,"href":"https:\/\/www.avdavigevano.com\/index.php?rest_route=\/wp\/v2\/users\/1"}],"replies":[{"embeddable":true,"href":"https:\/\/www.avdavigevano.com\/index.php?rest_route=%2Fwp%2Fv2%2Fcomments&post=10"}],"version-history":[{"count":42,"href":"https:\/\/www.avdavigevano.com\/index.php?rest_route=\/wp\/v2\/pages\/10\/revisions"}],"predecessor-version":[{"id":2984,"href":"https:\/\/www.avdavigevano.com\/index.php?rest_route=\/wp\/v2\/pages\/10\/revisions\/2984"}],"wp:attachment":[{"href":"https:\/\/www.avdavigevano.com\/index.php?rest_route=%2Fwp%2Fv2%2Fmedia&parent=10"}],"curies":[{"name":"wp","href":"https:\/\/api.w.org\/{rel}","templated":true}]}}